{"id":2,"date":"2017-06-20T14:51:32","date_gmt":"2017-06-20T12:51:32","guid":{"rendered":"http:\/\/wp.movimento-mainz.de\/?page_id=2"},"modified":"2026-08-13T13:42:55","modified_gmt":"2026-08-13T11:42:55","slug":"home","status":"publish","type":"page","link":"https:\/\/wp.movimento-mainz.de\/","title":{"rendered":"home"},"content":{"rendered":"<p>[et_pb_section fb_built=&#8220;1&#8243; fullwidth=&#8220;on&#8220; _builder_version=&#8220;3.22&#8243;][et_pb_fullwidth_image src=&#8220;http:\/\/wp.movimento-mainz.de\/wp-content\/uploads\/2017\/12\/20170409-DSC_9170.jpg&#8220; admin_label=&#8220;Titelbild&#8220; _builder_version=&#8220;3.0.87&#8243; animation=&#8220;off&#8220; border_style=&#8220;solid&#8220;][\/et_pb_fullwidth_image][\/et_pb_section][et_pb_section fb_built=&#8220;1&#8243; inner_shadow=&#8220;on&#8220; module_class=&#8220;sb_dci_settings_curved sb_dci_size_100&#8243; _builder_version=&#8220;3.22&#8243; background_color=&#8220;#e09900&#8243;][et_pb_row _builder_version=&#8220;3.25&#8243; background_size=&#8220;initial&#8220; background_position=&#8220;top_left&#8220; background_repeat=&#8220;repeat&#8220;][et_pb_column type=&#8220;4_4&#8243; _builder_version=&#8220;3.0.47&#8243; custom_padding=&#8220;|||&#8220; custom_padding__hover=&#8220;|||&#8220;][et_pb_text admin_label=&#8220;Willkommen&#8220; _builder_version=&#8220;4.6.6&#8243; text_font=&#8220;Comfortaa||||&#8220; text_font_size=&#8220;18&#8243; header_text_color=&#8220;#ffffff&#8220; text_orientation=&#8220;center&#8220; background_layout=&#8220;dark&#8220; module_alignment=&#8220;center&#8220;]<\/p>\n<h3 style=\"text-align: center;\">movimento<\/h3>\n<p style=\"text-align: center;\">Die Hip Hop Tanzschule in Mainz<\/p>\n<p style=\"text-align: center;\"><strong>\u00a0<\/strong><\/p>\n<h3 style=\"text-align: center;\"><a href=\"https:\/\/www.eversports.de\/org\/widget\/overview?companyId=8d1e2c6b-6514-4a93-9850-fd731a8e00c1\"><span style=\"color: #ccffff;\"><span style=\"color: #ffffff;\"><strong><span style=\"text-decoration: underline;\">PROBETRAINING ONLINE BUCHEN<\/span> <\/strong><\/span><\/span><\/a><\/h3>\n<p>[\/et_pb_text][\/et_pb_column][\/et_pb_row][\/et_pb_section][et_pb_section fb_built=&#8220;1&#8243; fullwidth=&#8220;on&#8220; module_class=&#8220;sb_dci_settings_curved sb_dci_size_120&#8243; _builder_version=&#8220;3.22&#8243; background_color=&#8220;#e09900&#8243;][\/et_pb_section][et_pb_section fb_built=&#8220;1&#8243; _builder_version=&#8220;3.22&#8243;][et_pb_row _builder_version=&#8220;3.25&#8243; background_size=&#8220;initial&#8220; background_position=&#8220;top_left&#8220; background_repeat=&#8220;repeat&#8220;][et_pb_column type=&#8220;4_4&#8243; _builder_version=&#8220;3.0.47&#8243; custom_padding=&#8220;|||&#8220; custom_padding__hover=&#8220;|||&#8220;][et_pb_divider show_divider=&#8220;off&#8220; disabled_on=&#8220;on|on|off&#8220; _builder_version=&#8220;3.2&#8243; height=&#8220;0,5&#8243; hide_on_mobile=&#8220;on&#8220;][\/et_pb_divider][\/et_pb_column][\/et_pb_row][\/et_pb_section][et_pb_section fb_built=&#8220;1&#8243; _builder_version=&#8220;3.22&#8243;][et_pb_row column_structure=&#8220;1_2,1_2&#8243; _builder_version=&#8220;3.25&#8243; background_size=&#8220;initial&#8220; background_position=&#8220;top_left&#8220; background_repeat=&#8220;repeat&#8220;][et_pb_column type=&#8220;1_2&#8243; _builder_version=&#8220;3.0.47&#8243; custom_padding=&#8220;|||&#8220; custom_padding__hover=&#8220;|||&#8220;][et_pb_image src=&#8220;http:\/\/wp.movimento-mainz.de\/wp-content\/uploads\/2025\/01\/Blau-Einfach-Collage-Natur-Monat-Instagram-Post.png&#8220; title_text=&#8220;Blau Einfach Collage Natur Monat Instagram-Post&#8220; _builder_version=&#8220;4.6.6&#8243; _module_preset=&#8220;default&#8220;][\/et_pb_image][et_pb_text _builder_version=&#8220;3.27.4&#8243;]<\/p>\n<p>Du bist Trainer oder Coach und suchst nach tollen R\u00e4umen, in denen Du Deinen Traum von Deinem eigenen Gesch\u00e4ft verwirklichen m\u00f6chtest?<\/p>\n<p>Bei uns gibt es die M\u00f6glichkeit unsere R\u00e4umlichkeiten stundenweise oder gar regelm\u00e4\u00dfig zu mieten.<\/p>\n<p>Unsere R\u00e4ume beinhalten:<\/p>\n<p>Lichtanlage, Musikanlage, WC&#8217;s, K\u00fcche, Aufenthaltsraum, Umkleiden, Parkplatz (nach Absprache nutzbar), gro\u00dfe Speigelw\u00e4nde, Klimaanlage, Ventilatoren, Fenster.<\/p>\n<p>Raumgr\u00f6\u00dfen:\u00a0<\/p>\n<p>Raum blau: 110 qm (Platz f\u00fcr 25 bis 30 Personen)<\/p>\n<p>Raum orange: 90qm (Platz f\u00fcr 20 bis 25 Personen)<\/p>\n<p>Schreibe uns eine Mail mit Deinen Vorstellungen oder rufe uns an und wir sprechen pers\u00f6nlich \u00fcber Deine W\u00fcnsche!<\/p>\n<p>Wir freuen uns von Dir zu h\u00f6ren!<\/p>\n<p>[\/et_pb_text][\/et_pb_column][et_pb_column _builder_version=&#8220;4.6.6&#8243; _module_preset=&#8220;default&#8220; type=&#8220;1_2&#8243;][et_pb_image src=&#8220;http:\/\/wp.movimento-mainz.de\/wp-content\/uploads\/2026\/08\/Beige-Weiss-Elegant-Modern-Ueber-Mich-Instagram-Post.png&#8220; title_text=&#8220;Beige Wei\u00df Elegant Modern U\u0308ber Mich Instagram Post&#8220; _builder_version=&#8220;4.6.6&#8243; _module_preset=&#8220;default&#8220; hover_enabled=&#8220;0&#8243; sticky_enabled=&#8220;0&#8243;][\/et_pb_image][et_pb_image src=&#8220;http:\/\/wp.movimento-mainz.de\/wp-content\/uploads\/2026\/08\/Beige-Weiss-Elegant-Modern-Ueber-Mich-Instagram-Post1.png&#8220; title_text=&#8220;Beige Wei\u00df Elegant Modern U\u0308ber Mich Instagram Post1&#8243; _builder_version=&#8220;4.6.6&#8243; _module_preset=&#8220;default&#8220; hover_enabled=&#8220;0&#8243; sticky_enabled=&#8220;0&#8243;][\/et_pb_image][et_pb_image src=&#8220;http:\/\/wp.movimento-mainz.de\/wp-content\/uploads\/2026\/08\/Beige-Weiss-Elegant-Modern-Ueber-Mich-Instagram-Post2.png&#8220; title_text=&#8220;Beige Wei\u00df Elegant Modern U\u0308ber Mich Instagram Post2&#8243; _builder_version=&#8220;4.6.6&#8243; _module_preset=&#8220;default&#8220; hover_enabled=&#8220;0&#8243; sticky_enabled=&#8220;0&#8243;][\/et_pb_image][et_pb_text _builder_version=&#8220;3.27.4&#8243;]<\/p>\n<h3 style=\"text-align: center;\"><span style=\"color: #0c71c3;\"><strong>Unsere Workshops im September!<\/strong><\/span><\/h3>\n<p><span style=\"color: #0c71c3;\"><strong><\/strong><\/span><\/p>\n<p>05.09.2026 &#8211; Afro f\u00fcr Beginner mit Lou<\/p>\n<p>05.09.2026 &#8211; Hip Hop f\u00fcr Beginner mit Tamy<\/p>\n<p>12.09.2026 &#8211; Commercial f\u00fcr Einsteiger und Fortgeschrittene mit Ankush<\/p>\n<p>&nbsp;<\/p>\n<p>Pl\u00e4tze sind in allen Workshops noch vorhanden. Schicke uns eine Mail um Deinen Platz bei den Workshops zu sichern!<\/p>\n<p>&nbsp;<\/p>\n<p>&nbsp;<\/p>\n<p>[\/et_pb_text][et_pb_text _builder_version=&#8220;3.27.4&#8243;]<\/p>\n<h3 style=\"text-align: center;\"><span style=\"color: #0c71c3;\"><strong>Neuer Kurs: Contemporary f\u00fcr Einsteiger und Fortgeschrittene<\/strong><\/span><\/h3>\n<p><span style=\"color: #0c71c3;\"><strong><\/strong><\/span><\/p>\n<p>Freitag ist bei uns Contemporary Tag:<\/p>\n<p>19:00 &#8211; f\u00fcr Fortgeschrittene<\/p>\n<p>20:00 &#8211; f\u00fcr Einsteiger\u00a0<\/p>\n<p>Dein Probetraining buchst Du einfach und bequem \u00fcber unsere Homepage!<\/p>\n<p>&nbsp;<\/p>\n<p>&nbsp;<\/p>\n<p>[\/et_pb_text][et_pb_text _builder_version=&#8220;3.27.4&#8243;]<\/p>\n<h3 style=\"text-align: center;\"><span style=\"color: #0c71c3;\"><strong>Neuer Kurs: Open Class<\/strong><\/span><\/h3>\n<p><span style=\"color: #0c71c3;\"><strong><\/strong><\/span><\/p>\n<p><span style=\"color: #0c71c3;\"><strong><\/strong><\/span><\/p>\n<p>Du m\u00f6chtest unterschiedliche Stile kennen? Du bist offen von unterschiedlichen Lehrern zu lernen? Dann ist die Open Class genau das richtige f\u00fcr Dich. Lerne unterschiedliche Stile wie Hip Hop, Commercial, House, Popping, Locking, Wacking, etc. kennen.\u00a0<\/p>\n<p>Wann ist der Kurs? Freitags um 17:30<\/p>\n<p>Welcher Stil wird unterrichtet? Folge uns auf Instagram um zu erfahren was aktuell in der Class unterrichtet wird.<\/p>\n<p>&nbsp;<\/p>\n<p>[\/et_pb_text][et_pb_text _builder_version=&#8220;4.6.6&#8243; _module_preset=&#8220;default&#8220;]<\/p>\n<p><strong>Schliessungszeiten movimento<\/strong><\/p>\n<p><strong>Herbstferien: spezielles Herbstprogramm!<\/strong><\/p>\n<p><strong>Weihnachtsferien: 22.12.2026 bis 01.01.2027<\/strong><\/p>\n<p>&nbsp;<\/p>\n<p>[\/et_pb_text][\/et_pb_column][\/et_pb_row][\/et_pb_section][et_pb_section fb_built=&#8220;1&#8243; _builder_version=&#8220;3.22&#8243;][et_pb_row _builder_version=&#8220;3.25&#8243; background_size=&#8220;initial&#8220; background_position=&#8220;top_left&#8220; background_repeat=&#8220;repeat&#8220;][et_pb_column type=&#8220;4_4&#8243; _builder_version=&#8220;3.0.47&#8243; custom_padding=&#8220;|||&#8220; custom_padding__hover=&#8220;|||&#8220;][et_pb_blurb title=&#8220;Der Weg zu uns&#8220; image_max_width=&#8220;none&#8220; _builder_version=&#8220;3.0.87&#8243; header_font=&#8220;Comfortaa||||&#8220; header_font_size=&#8220;24&#8243; text_orientation=&#8220;center&#8220; border_style=&#8220;solid&#8220;][\/et_pb_blurb][et_pb_map address=&#8220;Mombacher Str. 48, 55122 Mainz, Deutschland&#8220; zoom_level=&#8220;20&#8243; address_lat=&#8220;50.009187&#8243; address_lng=&#8220;8.2462037&#8243; mouse_wheel=&#8220;off&#8220; _builder_version=&#8220;4.6.6&#8243;][et_pb_map_pin title=&#8220;Der Weg zu uns&#8220; pin_address=&#8220;Mombacher Str. 48, 55122 Mainz, Deutschland&#8220; pin_address_lat=&#8220;50.01092449999999&#8243; pin_address_lng=&#8220;8.243801599999983&#8243; _builder_version=&#8220;4.6.6&#8243;][\/et_pb_map_pin][\/et_pb_map][\/et_pb_column][\/et_pb_row][et_pb_row _builder_version=&#8220;3.25&#8243; background_size=&#8220;initial&#8220; background_position=&#8220;top_left&#8220; background_repeat=&#8220;repeat&#8220;][\/et_pb_row][\/et_pb_section][et_pb_section fb_built=&#8220;1&#8243; module_class=&#8220;sb_dci_size_100&#8243; _builder_version=&#8220;3.22&#8243; background_color=&#8220;#09469b&#8220;][et_pb_row _builder_version=&#8220;3.25&#8243; background_color=&#8220;#09469b&#8220;][et_pb_column type=&#8220;4_4&#8243; _builder_version=&#8220;3.0.47&#8243; background_color=&#8220;#09469b&#8220; custom_padding=&#8220;|||&#8220; custom_padding__hover=&#8220;|||&#8220;][et_pb_text _builder_version=&#8220;4.6.6&#8243; text_font=&#8220;Comfortaa||||||||&#8220; background_color=&#8220;#09469b&#8220; background_layout=&#8220;dark&#8220;]<\/p>\n<h4 style=\"text-align: center;\">Movimento Mainz<\/h4>\n<p style=\"text-align: center;\">Mombacher Strasse 48,\u00a055121 Mainz | \u00a0Telefon 017684508936\u00a0 | \u00a0kontakt@movimento-mainz.de<\/p>\n<p>[\/et_pb_text][\/et_pb_column][\/et_pb_row][\/et_pb_section]<\/p>\n","protected":false},"excerpt":{"rendered":"<p>[et_pb_section fb_built=&#8220;1&#8243; fullwidth=&#8220;on&#8220; _builder_version=&#8220;3.22&#8243;][et_pb_fullwidth_image src=&#8220;http:\/\/wp.movimento-mainz.de\/wp-content\/uploads\/2017\/12\/20170409-DSC_9170.jpg&#8220; admin_label=&#8220;Titelbild&#8220; _builder_version=&#8220;3.0.87&#8243; animation=&#8220;off&#8220; border_style=&#8220;solid&#8220;][\/et_pb_fullwidth_image][\/et_pb_section][et_pb_section fb_built=&#8220;1&#8243; inner_shadow=&#8220;on&#8220; module_class=&#8220;sb_dci_settings_curved sb_dci_size_100&#8243; _builder_version=&#8220;3.22&#8243; background_color=&#8220;#e09900&#8243;][et_pb_row _builder_version=&#8220;3.25&#8243; background_size=&#8220;initial&#8220; background_position=&#8220;top_left&#8220; background_repeat=&#8220;repeat&#8220;][et_pb_column type=&#8220;4_4&#8243; _builder_version=&#8220;3.0.47&#8243; custom_padding=&#8220;|||&#8220; custom_padding__hover=&#8220;|||&#8220;][et_pb_text admin_label=&#8220;Willkommen&#8220; _builder_version=&#8220;4.6.6&#8243; text_font=&#8220;Comfortaa||||&#8220; text_font_size=&#8220;18&#8243; header_text_color=&#8220;#ffffff&#8220; text_orientation=&#8220;center&#8220; background_layout=&#8220;dark&#8220; module_alignment=&#8220;center&#8220;] movimento Die Hip Hop Tanzschule in Mainz \u00a0 PROBETRAINING ONLINE BUCHEN [\/et_pb_text][\/et_pb_column][\/et_pb_row][\/et_pb_section][et_pb_section fb_built=&#8220;1&#8243; fullwidth=&#8220;on&#8220; module_class=&#8220;sb_dci_settings_curved sb_dci_size_120&#8243; _builder_version=&#8220;3.22&#8243; background_color=&#8220;#e09900&#8243;][\/et_pb_section][et_pb_section fb_built=&#8220;1&#8243; _builder_version=&#8220;3.22&#8243;][et_pb_row _builder_version=&#8220;3.25&#8243; background_size=&#8220;initial&#8220; background_position=&#8220;top_left&#8220; background_repeat=&#8220;repeat&#8220;][et_pb_column [&hellip;]<\/p>\n","protected":false},"author":1,"featured_media":0,"parent":0,"menu_order":0,"comment_status":"closed","ping_status":"open","template":"","meta":{"_et_pb_use_builder":"on","_et_pb_old_content":"<p>Dies ist ein Beispiel einer statischen Seite. Du kannst sie bearbeiten und beispielsweise Infos \u00fcber dich oder deine Website eingeben, damit die Leser wissen, woher du kommst und was du machst.<\/p><p>Du kannst entweder beliebig viele Hauptseiten (wie diese hier) anlegen \u2013 oder auch Unterseiten, die sich in der Hierachiestruktur den Hauptseiten unterordnen. Du kannst diese alle innerhalb von WordPress \u00e4ndern und verwalten.<\/p><p>Als stolzer Besitzer einer neuen WordPress-Seite solltest du jetzt zur \u00dcbersichtsseite, dem <a href=\"http:\/\/wp.movimento-mainz.de\/wp-admin\/\">Dashboard<\/a> gehen, diese Seite hier l\u00f6schen und damit loslegen, eigene Inhalte zu erstellen. Viel Spa\u00df!<\/p>","_et_gb_content_width":"","footnotes":""},"class_list":["post-2","page","type-page","status-publish","hentry"],"_links":{"self":[{"href":"https:\/\/wp.movimento-mainz.de\/index.php?rest_route=\/wp\/v2\/pages\/2","targetHints":{"allow":["GET"]}}],"collection":[{"href":"https:\/\/wp.movimento-mainz.de\/index.php?rest_route=\/wp\/v2\/pages"}],"about":[{"href":"https:\/\/wp.movimento-mainz.de\/index.php?rest_route=\/wp\/v2\/types\/page"}],"author":[{"embeddable":true,"href":"https:\/\/wp.movimento-mainz.de\/index.php?rest_route=\/wp\/v2\/users\/1"}],"replies":[{"embeddable":true,"href":"https:\/\/wp.movimento-mainz.de\/index.php?rest_route=%2Fwp%2Fv2%2Fcomments&post=2"}],"version-history":[{"count":260,"href":"https:\/\/wp.movimento-mainz.de\/index.php?rest_route=\/wp\/v2\/pages\/2\/revisions"}],"predecessor-version":[{"id":1730,"href":"https:\/\/wp.movimento-mainz.de\/index.php?rest_route=\/wp\/v2\/pages\/2\/revisions\/1730"}],"wp:attachment":[{"href":"https:\/\/wp.movimento-mainz.de\/index.php?rest_route=%2Fwp%2Fv2%2Fmedia&parent=2"}],"curies":[{"name":"wp","href":"https:\/\/api.w.org\/{rel}","templated":true}]}}